{"id":380,"date":"2018-04-03T11:22:09","date_gmt":"2018-04-03T09:22:09","guid":{"rendered":"https:\/\/www.archetypes-co.fr\/?page_id=380"},"modified":"2020-12-26T18:50:27","modified_gmt":"2020-12-26T17:50:27","slug":"qui-sommes-nous-bonne-version","status":"publish","type":"page","link":"https:\/\/www.archetypes-co.fr\/index.php\/qui-sommes-nous-bonne-version\/","title":{"rendered":"Qui sommes nous ?"},"content":{"rendered":"<p>[et_pb_section fb_built=\u00a0\u00bb1&Prime; _builder_version=\u00a0\u00bb3.0.106&Prime; background_image=\u00a0\u00bbhttps:\/\/www.archetypes-co.fr\/wp-content\/uploads\/2018\/12\/Archetype-noir-et-blanc-min.jpg\u00a0\u00bb parallax=\u00a0\u00bbon\u00a0\u00bb custom_padding=\u00a0\u00bb0|0px|0|0px\u00a0\u00bb][et_pb_row _builder_version=\u00a0\u00bb3.0.106&Prime;][et_pb_column type=\u00a0\u00bb4_4&Prime; _builder_version=\u00a0\u00bb3.0.106&Prime; parallax=\u00a0\u00bboff\u00a0\u00bb parallax_method=\u00a0\u00bbon\u00a0\u00bb][et_pb_text _builder_version=\u00a0\u00bb3.0.106&Prime; inline_fonts=\u00a0\u00bbCatamaran\u00a0\u00bb custom_margin=\u00a0\u00bb||15px|\u00a0\u00bb custom_padding=\u00a0\u00bb|||\u00a0\u00bb text_font=\u00a0\u00bb||||||||\u00a0\u00bb text_text_color=\u00a0\u00bb#ce0067&Prime;]<\/p>\n<p style=\"text-align: center;\"><span style=\"font-family: Catamaran; font-weight: normal; font-size: large;\"><strong>ARCHETYPES&amp;CO met au service de votre organisation un lieu d&rsquo;exception et des p\u00e9dagogies innovantes qui favorisent l&rsquo;apprentissage en \u00e9quipe .<\/strong>\u00a0<\/span><\/p>\n<p style=\"text-align: center;\"><span style=\"font-family: Catamaran; font-weight: normal; font-size: large;\"><strong>\u00ab\u00a0Notre objectif : faire \u00e9merger les talents individuels et collectif de vos collaborateurs .\u00a0\u00bb<\/strong><\/span><\/p>\n<p>[\/et_pb_text][\/et_pb_column][\/et_pb_row][\/et_pb_section][et_pb_section fb_built=\u00a0\u00bb1&Prime; _builder_version=\u00a0\u00bb3.0.47&Prime; custom_padding=\u00a0\u00bb0|0px|53.95px|0px\u00a0\u00bb][et_pb_row custom_padding=\u00a0\u00bb0|0px|26.9688px|0px\u00a0\u00bb _builder_version=\u00a0\u00bb3.0.106&Prime; background_size=\u00a0\u00bbinitial\u00a0\u00bb background_position=\u00a0\u00bbtop_left\u00a0\u00bb background_repeat=\u00a0\u00bbrepeat\u00a0\u00bb][et_pb_column type=\u00a0\u00bb1_2&Prime; _builder_version=\u00a0\u00bb3.0.106&Prime; parallax=\u00a0\u00bboff\u00a0\u00bb parallax_method=\u00a0\u00bbon\u00a0\u00bb][et_pb_image src=\u00a0\u00bbhttps:\/\/www.archetypes-co.fr\/wp-content\/uploads\/2019\/02\/1-Salle-de-formation-saint-omer-min-35-Ko.jpg\u00a0\u00bb _builder_version=\u00a0\u00bb3.0.106&Prime; custom_margin=\u00a0\u00bb40px|||\u00a0\u00bb][\/et_pb_image][\/et_pb_column][et_pb_column type=\u00a0\u00bb1_2&Prime; _builder_version=\u00a0\u00bb3.0.106&Prime; parallax=\u00a0\u00bboff\u00a0\u00bb parallax_method=\u00a0\u00bbon\u00a0\u00bb][et_pb_text _builder_version=\u00a0\u00bb3.0.106&Prime; text_font=\u00a0\u00bbAdvent Pro||||||||\u00a0\u00bb text_font_size=\u00a0\u00bb21px\u00a0\u00bb text_text_color=\u00a0\u00bb#680091&Prime; link_font=\u00a0\u00bb||||||||\u00a0\u00bb ul_font=\u00a0\u00bb||||||||\u00a0\u00bb ol_font=\u00a0\u00bb||||||||\u00a0\u00bb quote_font=\u00a0\u00bb||||||||\u00a0\u00bb border_color_all=\u00a0\u00bb#680091&Prime; custom_padding=\u00a0\u00bb60px|||\u00a0\u00bb inline_fonts=\u00a0\u00bbABeeZee\u00a0\u00bb]<\/p>\n<p style=\"text-align: left;\"><span style=\"font-family: ABeeZee;\"><strong>Une salle de formation en pleine nature<\/strong><\/span><\/p>\n<p style=\"text-align: justify;\"><span style=\"font-family: inherit; font-weight: normal;\">Pour optimiser les conditions d&rsquo;aprentissage ou de coaching , nous vous acceuillons au coeur du marais audomarois, dans une salle de formation totalement \u00e9quip\u00e9e.<\/span><\/p>\n<p style=\"text-align: justify;\"><span style=\"font-family: inherit; font-weight: normal;\">Nous partons du principe qu&rsquo;\u00eatre au coeur du vivant est le lieu id\u00e9al pour faire le point sur l&rsquo;existant, identifier le niveau d&rsquo;intervention id\u00e9al et faire \u00e9merger les solutions les mieux\u00a0 adapt\u00e9es \u00e0 votre entreprise ou \u00e0 votre projet professsionnel.<\/span><\/p>\n<p style=\"text-align: left;\"><span style=\"font-family: inherit; font-weight: normal;\">Venez tester ! Vous serez conquis.<\/span><\/p>\n<p style=\"text-align: left;\">\n<p>[\/et_pb_text][\/et_pb_column][\/et_pb_row][et_pb_row _builder_version=\u00a0\u00bb3.0.106&Prime; background_size=\u00a0\u00bbinitial\u00a0\u00bb background_position=\u00a0\u00bbtop_left\u00a0\u00bb background_repeat=\u00a0\u00bbrepeat\u00a0\u00bb][et_pb_column type=\u00a0\u00bb1_2&Prime; _builder_version=\u00a0\u00bb3.0.106&Prime; parallax=\u00a0\u00bboff\u00a0\u00bb parallax_method=\u00a0\u00bbon\u00a0\u00bb][et_pb_image src=\u00a0\u00bbhttps:\/\/www.archetypes-co.fr\/wp-content\/uploads\/2019\/02\/2-s\u00e9minaire-et-workshop-personnalis\u00e9-dunkerque-min.jpg\u00a0\u00bb _builder_version=\u00a0\u00bb3.0.106&Prime;][\/et_pb_image][\/et_pb_column][et_pb_column type=\u00a0\u00bb1_2&Prime; _builder_version=\u00a0\u00bb3.0.106&Prime; parallax=\u00a0\u00bboff\u00a0\u00bb parallax_method=\u00a0\u00bbon\u00a0\u00bb][et_pb_text _builder_version=\u00a0\u00bb3.0.106&Prime; text_font=\u00a0\u00bbAdvent Pro||||||||\u00a0\u00bb text_font_size=\u00a0\u00bb21px\u00a0\u00bb text_text_color=\u00a0\u00bb#680091&Prime; link_font=\u00a0\u00bb||||||||\u00a0\u00bb ul_font=\u00a0\u00bb||||||||\u00a0\u00bb ol_font=\u00a0\u00bb||||||||\u00a0\u00bb quote_font=\u00a0\u00bb||||||||\u00a0\u00bb custom_padding=\u00a0\u00bb30px|||\u00a0\u00bb inline_fonts=\u00a0\u00bbABeeZee\u00a0\u00bb]<\/p>\n<p style=\"text-align: left;\"><span style=\"font-family: ABeeZee;\"><strong>Une approche personnalis\u00e9e<\/strong><\/span><\/p>\n<p style=\"text-align: justify;\"><span style=\"font-weight: normal;\">Nous vous proposons un<\/span><span style=\"font-weight: normal;\"> design<\/span><span style=\"font-weight: normal;\"> sur mesure, pouvant associer formations, coaching individuel, s\u00e9minaire collectif et cod\u00e9veloppement. .<\/span><\/p>\n<p style=\"text-align: justify;\"><span style=\"font-weight: normal;\">Si besoin de former un nombre important de collaborateurs sur une p\u00e9riode courte , Archetypes&amp;Co\u00a0 dispose d&rsquo;un r\u00e9seau de partenaires partageant les m\u00eames valeurs.<\/span><\/p>\n<p style=\"text-align: justify;\"><span style=\"font-weight: normal;\">Votre organisation est unique : la cl\u00e9 du changement se trouve\u00a0 avec vous, en int\u00e9grant la culture et le projet existant ..<\/span><\/p>\n<p style=\"text-align: left;\">\n<p>[\/et_pb_text][\/et_pb_column][\/et_pb_row][et_pb_row custom_padding=\u00a0\u00bb0|0px|26.9688px|0px\u00a0\u00bb _builder_version=\u00a0\u00bb3.0.106&Prime; background_size=\u00a0\u00bbinitial\u00a0\u00bb background_position=\u00a0\u00bbtop_left\u00a0\u00bb background_repeat=\u00a0\u00bbrepeat\u00a0\u00bb][et_pb_column type=\u00a0\u00bb1_2&Prime; _builder_version=\u00a0\u00bb3.0.106&Prime; parallax=\u00a0\u00bboff\u00a0\u00bb parallax_method=\u00a0\u00bbon\u00a0\u00bb][et_pb_text _builder_version=\u00a0\u00bb3.0.106&Prime; text_font=\u00a0\u00bbAdvent Pro||||||||\u00a0\u00bb text_font_size=\u00a0\u00bb21px\u00a0\u00bb text_text_color=\u00a0\u00bb#680091&Prime; link_font=\u00a0\u00bb||||||||\u00a0\u00bb ul_font=\u00a0\u00bb||||||||\u00a0\u00bb ol_font=\u00a0\u00bb||||||||\u00a0\u00bb quote_font=\u00a0\u00bb||||||||\u00a0\u00bb text_orientation=\u00a0\u00bbjustified\u00a0\u00bb custom_padding=\u00a0\u00bb60px|||\u00a0\u00bb inline_fonts=\u00a0\u00bbABeeZee\u00a0\u00bb]<\/p>\n<p style=\"text-align: left;\"><span style=\"font-family: ABeeZee;\"><strong>Laetitia <\/strong><\/span><span style=\"font-weight: normal; font-family: ABeeZee;\"><strong>Degrugillier<\/strong><\/span><span style=\"font-family: ABeeZee;\"><strong> , coach, formatrice et facilitatrice de processus collectif .<\/strong><\/span><\/p>\n<p style=\"text-align: left;\">Le fil rouge de mon expertise est probablement la conduite du changement et l\u2019accompagnement des \u00e9quipes op\u00e9rationnelles dans la r\u00e9ussite des virages inh\u00e9rents \u00e0 la vie d\u2019une entreprise ou d\u2019une organisation.<br \/>\nComment je suis arriv\u00e9e aux p\u00e9dagogies dites apprenantes ? En ces temps de mutations profondes des organisations , mon pari est que la r\u00e9duction des ressources financi\u00e8res priv\u00e9es et publiques est une formidable opportunit\u00e9 de remettre ressource humaine et cr\u00e9ativit\u00e9 au c\u0153ur de l\u2019entreprise. A cl\u00e9, une posture pour retrouver du sens et de la performance \u00e9conomique \u2026.Chaque collaborateur doit comprendre ce qu&rsquo;il apporte au collectif et cela s&rsquo;apprend ! .<\/p>\n<p style=\"text-align: left;\">\n<p>[\/et_pb_text][\/et_pb_column][et_pb_column type=\u00a0\u00bb1_2&Prime; _builder_version=\u00a0\u00bb3.0.106&Prime; parallax=\u00a0\u00bboff\u00a0\u00bb parallax_method=\u00a0\u00bbon\u00a0\u00bb][et_pb_image src=\u00a0\u00bbhttps:\/\/www.archetypes-co.fr\/wp-content\/uploads\/2018\/04\/20180122_140656_resized.jpg\u00a0\u00bb align=\u00a0\u00bbcenter\u00a0\u00bb _builder_version=\u00a0\u00bb3.0.106&Prime; custom_margin=\u00a0\u00bb70px|||\u00a0\u00bb][\/et_pb_image][\/et_pb_column][\/et_pb_row][\/et_pb_section][et_pb_section fb_built=\u00a0\u00bb1&Prime; _builder_version=\u00a0\u00bb3.0.106&Prime; custom_padding=\u00a0\u00bb0|0px|0|0px\u00a0\u00bb][et_pb_row make_fullwidth=\u00a0\u00bbon\u00a0\u00bb _builder_version=\u00a0\u00bb3.0.106&Prime; module_alignment=\u00a0\u00bbcenter\u00a0\u00bb][et_pb_column type=\u00a0\u00bb1_2&Prime; _builder_version=\u00a0\u00bb3.0.106&Prime; parallax=\u00a0\u00bboff\u00a0\u00bb parallax_method=\u00a0\u00bbon\u00a0\u00bb][et_pb_text _builder_version=\u00a0\u00bb3.0.106&Prime; text_font=\u00a0\u00bbABeeZee||||||||\u00a0\u00bb text_text_color=\u00a0\u00bb#680091&Prime;]<\/p>\n<p>Copyright Laetitia Degrugillier\u00a0 2019, tous droit r\u00e9serv\u00e9s<\/p>\n<p>[\/et_pb_text][\/et_pb_column][et_pb_column type=\u00a0\u00bb1_2&Prime; _builder_version=\u00a0\u00bb3.0.106&Prime; parallax=\u00a0\u00bboff\u00a0\u00bb parallax_method=\u00a0\u00bbon\u00a0\u00bb][et_pb_text _builder_version=\u00a0\u00bb3.0.106&Prime; text_font=\u00a0\u00bbABeeZee||||||||\u00a0\u00bb text_font_size=\u00a0\u00bb15px\u00a0\u00bb text_text_color=\u00a0\u00bb#680091&Prime; text_letter_spacing=\u00a0\u00bb1px\u00a0\u00bb text_line_height=\u00a0\u00bb1em\u00a0\u00bb header_font=\u00a0\u00bb|300|||||||\u00a0\u00bb text_orientation=\u00a0\u00bbjustified\u00a0\u00bb custom_margin=\u00a0\u00bb||0px|\u00a0\u00bb custom_padding=\u00a0\u00bb||0px|\u00a0\u00bb][\/et_pb_text][\/et_pb_column][\/et_pb_row][\/et_pb_section]<\/p>\n","protected":false},"excerpt":{"rendered":"<p>[et_pb_section fb_built=\u00a0\u00bb1&Prime; _builder_version=\u00a0\u00bb3.0.106&Prime; background_image=\u00a0\u00bbhttps:\/\/www.archetypes-co.fr\/wp-content\/uploads\/2018\/12\/Archetype-noir-et-blanc-min.jpg\u00a0\u00bb parallax=\u00a0\u00bbon\u00a0\u00bb custom_padding=\u00a0\u00bb0|0px|0|0px\u00a0\u00bb][et_pb_row _builder_version=\u00a0\u00bb3.0.106&Prime;][et_pb_column type=\u00a0\u00bb4_4&Prime; _builder_version=\u00a0\u00bb3.0.106&Prime; parallax=\u00a0\u00bboff\u00a0\u00bb parallax_method=\u00a0\u00bbon\u00a0\u00bb][et_pb_text _builder_version=\u00a0\u00bb3.0.106&Prime; inline_fonts=\u00a0\u00bbCatamaran\u00a0\u00bb custom_margin=\u00a0\u00bb||15px|\u00a0\u00bb custom_padding=\u00a0\u00bb|||\u00a0\u00bb text_font=\u00a0\u00bb||||||||\u00a0\u00bb text_text_color=\u00a0\u00bb#ce0067&Prime;] ARCHETYPES&amp;CO met au service de votre organisation un lieu d&rsquo;exception et des p\u00e9dagogies innovantes qui favorisent l&rsquo;apprentissage en \u00e9quipe .\u00a0 \u00ab\u00a0Notre objectif : faire \u00e9merger les talents individuels et collectif de vos collaborateurs .\u00a0\u00bb [\/et_pb_text][\/et_pb_column][\/et_pb_row][\/et_pb_section][et_pb_section fb_built=\u00a0\u00bb1&Prime; _builder_version=\u00a0\u00bb3.0.47&Prime; custom_padding=\u00a0\u00bb0|0px|53.95px|0px\u00a0\u00bb][et_pb_row [&hellip;]<\/p>\n","protected":false},"author":2,"featured_media":0,"parent":0,"menu_order":0,"comment_status":"closed","ping_status":"closed","template":"","meta":[],"_links":{"self":[{"href":"https:\/\/www.archetypes-co.fr\/index.php\/wp-json\/wp\/v2\/pages\/380"}],"collection":[{"href":"https:\/\/www.archetypes-co.fr\/index.php\/wp-json\/wp\/v2\/pages"}],"about":[{"href":"https:\/\/www.archetypes-co.fr\/index.php\/wp-json\/wp\/v2\/types\/page"}],"author":[{"embeddable":true,"href":"https:\/\/www.archetypes-co.fr\/index.php\/wp-json\/wp\/v2\/users\/2"}],"replies":[{"embeddable":true,"href":"https:\/\/www.archetypes-co.fr\/index.php\/wp-json\/wp\/v2\/comments?post=380"}],"version-history":[{"count":33,"href":"https:\/\/www.archetypes-co.fr\/index.php\/wp-json\/wp\/v2\/pages\/380\/revisions"}],"predecessor-version":[{"id":995,"href":"https:\/\/www.archetypes-co.fr\/index.php\/wp-json\/wp\/v2\/pages\/380\/revisions\/995"}],"wp:attachment":[{"href":"https:\/\/www.archetypes-co.fr\/index.php\/wp-json\/wp\/v2\/media?parent=380"}],"curies":[{"name":"wp","href":"https:\/\/api.w.org\/{rel}","templated":true}]}}